{"id":154185,"date":"2026-05-12T12:16:54","date_gmt":"2026-05-12T10:16:54","guid":{"rendered":"https:\/\/beredd.com\/no\/butikk\/ukategorisert\/osprey-farpoint-trek-55l-tursekk-herre-2026\/"},"modified":"2026-08-29T03:12:10","modified_gmt":"2026-08-29T01:12:10","slug":"osprey-farpoint-trek-55l-tursekk-herre-2026","status":"publish","type":"product","link":"https:\/\/beredd.com\/no\/butikk\/ryggsekker-pakking\/ryggsekker\/reiseryggsekker\/osprey-farpoint-trek-55l-tursekk-herre-2026\/","title":{"rendered":"Osprey Farpoint Trek 55L tursekk (herre)"},"content":{"rendered":"<ul>\n<li>\n<p>Ventilert AirSpeed\u2122-b\u00e6resystem med LightWire-ytterramme og spent netting til ryggen, gir effektiv vektfordeling, stabilitet og kj\u00f8lende luftstr\u00f8mning under lange turer.<\/p>\n<\/li>\n<li>\n<p>Inkludert AirCover\u2122 beskytter sekken ved innsjekking og fungerer som regntrekk. P\u00e5 reise kan trekket smidig pakkes bort n\u00e5r det ikke brukes.<\/p>\n<\/li>\n<li>\n<p>Reisevennlig tilgang og smart organisering:  Stor front\u00e5pning til hovedrommet, vertikal frontlomme, topplomme med glidel\u00e5s og to praktiske hoftebeltelommer. Innvendig finner du en multifunksjonslomme til drikkesystem eller nettbrett\/laptop, mens interne og eksterne kompresjonsremmer holder lasten stabilt p\u00e5 plass.<\/p>\n<\/li>\n<li>\n<p>Tilpasningsbar passform med justerbar rygglengde og stabiliserende remmer; polstrete topp- og sideh\u00e5ndtak gj\u00f8r h\u00e5ndtering enkel for brukeren.<\/p>\n<\/li>\n<li>\n<p>Fleksibel integrasjon og holdbarhet: Sekken har egne festepunkter for Farpoint\/Fairview Travel Daypack eller Daylite, samt avtakbare remmer for liggeunderlag. Den oppfyller dessuten de strenge bluesign\u00ae-kravene, noe som garanterer h\u00f8ye milj\u00f8messige og sosiale standarder i produksjonen.<\/p>\n<\/li>\n<\/ul>\n<table>\n<tbody>\n<tr>\n<td rowspan=\"1\" colspan=\"1\">VOLUM<\/td>\n<td rowspan=\"1\" colspan=\"1\">55 L<\/td>\n<\/tr>\n<tr>\n<td rowspan=\"1\" colspan=\"1\">DIMENSJONER<\/td>\n<td rowspan=\"1\" colspan=\"1\">74H X 36W X 38D CM<\/td>\n<\/tr>\n<tr>\n<td rowspan=\"1\" colspan=\"1\">VEKT<\/td>\n<td rowspan=\"1\" colspan=\"1\">1.79 KG<\/td>\n<\/tr>\n<\/tbody>\n<\/table>\n","protected":false},"excerpt":{"rendered":"<p>Denne sekken er utviklet for de som kombinerer reise og vandring. Det ventilerte b\u00e6resystemet har et <strong>AirSpeed\u2122-nettryggpanel<\/strong> og justerbar rygglengde som gir overlegen stabilitet og en sval, behagelig luftstr\u00f8m. Det inkluderte <strong>AirCover\u2122-trekket<\/strong> beskytter sekken under innsjekking p\u00e5 flyet, og fungerer som et praktisk regntrekk n\u00e5r du er ute p\u00e5 tur. Dette gj\u00f8r sekken ideell for brukere som krever perfekt passform, h\u00f8y komfort og topp ytelse under b\u00e5de flyreiser, bybuss-transfere og lange dager p\u00e5 stien.<\/p>\n","protected":false},"featured_media":154176,"template":"","meta":[],"product_brand":[50],"product_cat":[54,53,52,51,62],"product_tag":[],"class_list":["post-154185","product","type-product","status-publish","has-post-thumbnail","product_brand-osprey","product_cat-reiseryggsekker","product_cat-ryggsekk-herr","product_cat-ryggsekker","product_cat-ryggsekker-pakking","product_cat-tursekker","first","instock","taxable","shipping-taxable","purchasable","product-type-variable"],"yoast_head":"<!-- This site is optimized with the Yoast SEO Premium plugin v28.1 (Yoast SEO v28.1) - https:\/\/yoast.com\/product\/yoast-seo-premium-wordpress\/ -->\n<title>Osprey Farpoint Trek 55L reisesekk (herre) | Beredd.com\/no<\/title>\n<meta name=\"description\" content=\"Osprey Farpoint Trek 55L Reisesekk (herre) \u2713Perfekt for flerdagsturer, lange reiser og backpacking \u2713 H\u00f8y kapasitet for tung pakking \u2713 Kj\u00f8p her!\" \/>\n<meta name=\"robots\" content=\"index, follow, max-snippet:-1, max-image-preview:large, max-video-preview:-1\" \/>\n<link rel=\"canonical\" href=\"https:\/\/beredd.com\/no\/butikk\/ryggsekker-pakking\/ryggsekker\/reiseryggsekker\/osprey-farpoint-trek-55l-tursekk-herre-2026\/\" \/>\n<meta property=\"og:locale\" content=\"nb_NO\" \/>\n<meta property=\"og:type\" content=\"article\" \/>\n<meta property=\"og:title\" content=\"Osprey Farpoint Trek 55L tursekk (herre)\" \/>\n<meta property=\"og:description\" content=\"Osprey Farpoint Trek 55L Reisesekk (herre) \u2713Perfekt for flerdagsturer, lange reiser og backpacking \u2713 H\u00f8y kapasitet for tung pakking \u2713 Kj\u00f8p her!\" \/>\n<meta property=\"og:url\" content=\"https:\/\/beredd.com\/no\/butikk\/ryggsekker-pakking\/ryggsekker\/reiseryggsekker\/osprey-farpoint-trek-55l-tursekk-herre-2026\/\" \/>\n<meta property=\"og:site_name\" content=\"Beredd Norge\" \/>\n<meta property=\"article:modified_time\" content=\"2026-08-29T01:12:10+00:00\" \/>\n<meta property=\"og:image\" content=\"https:\/\/beredd.com\/no\/app\/uploads\/no\/2026\/05\/FarpointTrek55_S26_Side_Black_10007400.jpg\" \/>\n\t<meta property=\"og:image:width\" content=\"1000\" \/>\n\t<meta property=\"og:image:height\" content=\"1000\" \/>\n\t<meta property=\"og:image:type\" content=\"image\/jpeg\" \/>\n<meta name=\"twitter:card\" content=\"summary_large_image\" \/>\n<meta name=\"twitter:label1\" content=\"Availability\" \/>\n\t<meta name=\"twitter:data1\" content=\"In stock\" \/>\n<script type=\"application\/ld+json\" class=\"yoast-schema-graph\">{\"@context\":\"https:\\\/\\\/schema.org\",\"@graph\":[{\"@type\":\"WebPage\",\"@id\":\"https:\\\/\\\/beredd.com\\\/no\\\/butikk\\\/ryggsekker-pakking\\\/ryggsekker\\\/reiseryggsekker\\\/osprey-farpoint-trek-55l-tursekk-herre-2026\\\/\",\"url\":\"https:\\\/\\\/beredd.com\\\/no\\\/butikk\\\/ryggsekker-pakking\\\/ryggsekker\\\/reiseryggsekker\\\/osprey-farpoint-trek-55l-tursekk-herre-2026\\\/\",\"name\":\"Osprey Farpoint Trek 55L reisesekk (herre) | Beredd.com\\\/no\",\"isPartOf\":{\"@id\":\"https:\\\/\\\/beredd.com\\\/no\\\/#website\"},\"primaryImageOfPage\":{\"@id\":\"https:\\\/\\\/beredd.com\\\/no\\\/butikk\\\/ryggsekker-pakking\\\/ryggsekker\\\/reiseryggsekker\\\/osprey-farpoint-trek-55l-tursekk-herre-2026\\\/#primaryimage\"},\"image\":{\"@id\":\"https:\\\/\\\/beredd.com\\\/no\\\/butikk\\\/ryggsekker-pakking\\\/ryggsekker\\\/reiseryggsekker\\\/osprey-farpoint-trek-55l-tursekk-herre-2026\\\/#primaryimage\"},\"thumbnailUrl\":\"https:\\\/\\\/beredd.com\\\/no\\\/app\\\/uploads\\\/no\\\/2026\\\/05\\\/FarpointTrek55_S26_Side_Black_10007400.jpg\",\"datePublished\":\"2026-05-12T10:16:54+00:00\",\"dateModified\":\"2026-08-29T01:12:10+00:00\",\"description\":\"Osprey Farpoint Trek 55L Reisesekk (herre) \u2713Perfekt for flerdagsturer, lange reiser og backpacking \u2713 H\u00f8y kapasitet for tung pakking \u2713 Kj\u00f8p her!\",\"breadcrumb\":{\"@id\":\"https:\\\/\\\/beredd.com\\\/no\\\/butikk\\\/ryggsekker-pakking\\\/ryggsekker\\\/reiseryggsekker\\\/osprey-farpoint-trek-55l-tursekk-herre-2026\\\/#breadcrumb\"},\"inLanguage\":\"nb-NO\",\"potentialAction\":[{\"@type\":\"ReadAction\",\"target\":[\"https:\\\/\\\/beredd.com\\\/no\\\/butikk\\\/ryggsekker-pakking\\\/ryggsekker\\\/reiseryggsekker\\\/osprey-farpoint-trek-55l-tursekk-herre-2026\\\/\"]}]},{\"@type\":\"ImageObject\",\"inLanguage\":\"nb-NO\",\"@id\":\"https:\\\/\\\/beredd.com\\\/no\\\/butikk\\\/ryggsekker-pakking\\\/ryggsekker\\\/reiseryggsekker\\\/osprey-farpoint-trek-55l-tursekk-herre-2026\\\/#primaryimage\",\"url\":\"https:\\\/\\\/beredd.com\\\/no\\\/app\\\/uploads\\\/no\\\/2026\\\/05\\\/FarpointTrek55_S26_Side_Black_10007400.jpg\",\"contentUrl\":\"https:\\\/\\\/beredd.com\\\/no\\\/app\\\/uploads\\\/no\\\/2026\\\/05\\\/FarpointTrek55_S26_Side_Black_10007400.jpg\",\"width\":1000,\"height\":1000,\"caption\":\"Osprey farpoint trek 55 svart front side\"},{\"@type\":\"BreadcrumbList\",\"@id\":\"https:\\\/\\\/beredd.com\\\/no\\\/butikk\\\/ryggsekker-pakking\\\/ryggsekker\\\/reiseryggsekker\\\/osprey-farpoint-trek-55l-tursekk-herre-2026\\\/#breadcrumb\",\"itemListElement\":[{\"@type\":\"ListItem\",\"position\":1,\"name\":\"Hem\",\"item\":\"https:\\\/\\\/beredd.com\\\/no\\\/\"},{\"@type\":\"ListItem\",\"position\":2,\"name\":\"Butikk\",\"item\":\"https:\\\/\\\/beredd.com\\\/no\\\/butikk\\\/\"},{\"@type\":\"ListItem\",\"position\":3,\"name\":\"Osprey Farpoint Trek 55L tursekk (herre)\"}]},{\"@type\":\"WebSite\",\"@id\":\"https:\\\/\\\/beredd.com\\\/no\\\/#website\",\"url\":\"https:\\\/\\\/beredd.com\\\/no\\\/\",\"name\":\"Beredd Norge\",\"description\":\"\",\"potentialAction\":[{\"@type\":\"SearchAction\",\"target\":{\"@type\":\"EntryPoint\",\"urlTemplate\":\"https:\\\/\\\/beredd.com\\\/no\\\/?s={search_term_string}\"},\"query-input\":{\"@type\":\"PropertyValueSpecification\",\"valueRequired\":true,\"valueName\":\"search_term_string\"}}],\"inLanguage\":\"nb-NO\"}]}<\/script>\n<meta property=\"og:availability\" content=\"instock\" \/>\n<meta property=\"product:availability\" content=\"instock\" \/>\n<meta property=\"product:condition\" content=\"new\" \/>\n<!-- \/ Yoast SEO Premium plugin. -->","yoast_head_json":{"title":"Osprey Farpoint Trek 55L reisesekk (herre) | Beredd.com\/no","description":"Osprey Farpoint Trek 55L Reisesekk (herre) \u2713Perfekt for flerdagsturer, lange reiser og backpacking \u2713 H\u00f8y kapasitet for tung pakking \u2713 Kj\u00f8p her!","robots":{"index":"index","follow":"follow","max-snippet":"max-snippet:-1","max-image-preview":"max-image-preview:large","max-video-preview":"max-video-preview:-1"},"canonical":"https:\/\/beredd.com\/no\/butikk\/ryggsekker-pakking\/ryggsekker\/reiseryggsekker\/osprey-farpoint-trek-55l-tursekk-herre-2026\/","og_locale":"nb_NO","og_type":"article","og_title":"Osprey Farpoint Trek 55L tursekk (herre)","og_description":"Osprey Farpoint Trek 55L Reisesekk (herre) \u2713Perfekt for flerdagsturer, lange reiser og backpacking \u2713 H\u00f8y kapasitet for tung pakking \u2713 Kj\u00f8p her!","og_url":"https:\/\/beredd.com\/no\/butikk\/ryggsekker-pakking\/ryggsekker\/reiseryggsekker\/osprey-farpoint-trek-55l-tursekk-herre-2026\/","og_site_name":"Beredd Norge","article_modified_time":"2026-08-29T01:12:10+00:00","og_image":[{"width":1000,"height":1000,"url":"https:\/\/beredd.com\/no\/app\/uploads\/no\/2026\/05\/FarpointTrek55_S26_Side_Black_10007400.jpg","type":"image\/jpeg"}],"twitter_card":"summary_large_image","twitter_misc":{"Availability":"In stock"},"schema":{"@context":"https:\/\/schema.org","@graph":[{"@type":"WebPage","@id":"https:\/\/beredd.com\/no\/butikk\/ryggsekker-pakking\/ryggsekker\/reiseryggsekker\/osprey-farpoint-trek-55l-tursekk-herre-2026\/","url":"https:\/\/beredd.com\/no\/butikk\/ryggsekker-pakking\/ryggsekker\/reiseryggsekker\/osprey-farpoint-trek-55l-tursekk-herre-2026\/","name":"Osprey Farpoint Trek 55L reisesekk (herre) | Beredd.com\/no","isPartOf":{"@id":"https:\/\/beredd.com\/no\/#website"},"primaryImageOfPage":{"@id":"https:\/\/beredd.com\/no\/butikk\/ryggsekker-pakking\/ryggsekker\/reiseryggsekker\/osprey-farpoint-trek-55l-tursekk-herre-2026\/#primaryimage"},"image":{"@id":"https:\/\/beredd.com\/no\/butikk\/ryggsekker-pakking\/ryggsekker\/reiseryggsekker\/osprey-farpoint-trek-55l-tursekk-herre-2026\/#primaryimage"},"thumbnailUrl":"https:\/\/beredd.com\/no\/app\/uploads\/no\/2026\/05\/FarpointTrek55_S26_Side_Black_10007400.jpg","datePublished":"2026-05-12T10:16:54+00:00","dateModified":"2026-08-29T01:12:10+00:00","description":"Osprey Farpoint Trek 55L Reisesekk (herre) \u2713Perfekt for flerdagsturer, lange reiser og backpacking \u2713 H\u00f8y kapasitet for tung pakking \u2713 Kj\u00f8p her!","breadcrumb":{"@id":"https:\/\/beredd.com\/no\/butikk\/ryggsekker-pakking\/ryggsekker\/reiseryggsekker\/osprey-farpoint-trek-55l-tursekk-herre-2026\/#breadcrumb"},"inLanguage":"nb-NO","potentialAction":[{"@type":"ReadAction","target":["https:\/\/beredd.com\/no\/butikk\/ryggsekker-pakking\/ryggsekker\/reiseryggsekker\/osprey-farpoint-trek-55l-tursekk-herre-2026\/"]}]},{"@type":"ImageObject","inLanguage":"nb-NO","@id":"https:\/\/beredd.com\/no\/butikk\/ryggsekker-pakking\/ryggsekker\/reiseryggsekker\/osprey-farpoint-trek-55l-tursekk-herre-2026\/#primaryimage","url":"https:\/\/beredd.com\/no\/app\/uploads\/no\/2026\/05\/FarpointTrek55_S26_Side_Black_10007400.jpg","contentUrl":"https:\/\/beredd.com\/no\/app\/uploads\/no\/2026\/05\/FarpointTrek55_S26_Side_Black_10007400.jpg","width":1000,"height":1000,"caption":"Osprey farpoint trek 55 svart front side"},{"@type":"BreadcrumbList","@id":"https:\/\/beredd.com\/no\/butikk\/ryggsekker-pakking\/ryggsekker\/reiseryggsekker\/osprey-farpoint-trek-55l-tursekk-herre-2026\/#breadcrumb","itemListElement":[{"@type":"ListItem","position":1,"name":"Hem","item":"https:\/\/beredd.com\/no\/"},{"@type":"ListItem","position":2,"name":"Butikk","item":"https:\/\/beredd.com\/no\/butikk\/"},{"@type":"ListItem","position":3,"name":"Osprey Farpoint Trek 55L tursekk (herre)"}]},{"@type":"WebSite","@id":"https:\/\/beredd.com\/no\/#website","url":"https:\/\/beredd.com\/no\/","name":"Beredd Norge","description":"","potentialAction":[{"@type":"SearchAction","target":{"@type":"EntryPoint","urlTemplate":"https:\/\/beredd.com\/no\/?s={search_term_string}"},"query-input":{"@type":"PropertyValueSpecification","valueRequired":true,"valueName":"search_term_string"}}],"inLanguage":"nb-NO"}]},"og_availability":"instock","product_availability":"instock","product_condition":"new"},"_links":{"self":[{"href":"https:\/\/beredd.com\/no\/wp-json\/wp\/v2\/product\/154185","targetHints":{"allow":["GET"]}}],"collection":[{"href":"https:\/\/beredd.com\/no\/wp-json\/wp\/v2\/product"}],"about":[{"href":"https:\/\/beredd.com\/no\/wp-json\/wp\/v2\/types\/product"}],"wp:featuredmedia":[{"embeddable":true,"href":"https:\/\/beredd.com\/no\/wp-json\/wp\/v2\/media\/154176"}],"wp:attachment":[{"href":"https:\/\/beredd.com\/no\/wp-json\/wp\/v2\/media?parent=154185"}],"wp:term":[{"taxonomy":"product_brand","embeddable":true,"href":"https:\/\/beredd.com\/no\/wp-json\/wp\/v2\/product_brand?post=154185"},{"taxonomy":"product_cat","embeddable":true,"href":"https:\/\/beredd.com\/no\/wp-json\/wp\/v2\/product_cat?post=154185"},{"taxonomy":"product_tag","embeddable":true,"href":"https:\/\/beredd.com\/no\/wp-json\/wp\/v2\/product_tag?post=154185"}],"curies":[{"name":"wp","href":"https:\/\/api.w.org\/{rel}","templated":true}]}}