{"id":6119,"date":"2026-05-27T14:02:36","date_gmt":"2026-05-27T12:02:36","guid":{"rendered":"https:\/\/beredd.com\/fi\/product\/reima-vesi-sadetakki-lapset\/"},"modified":"2026-08-18T11:48:49","modified_gmt":"2026-08-18T08:48:49","slug":"reima-vesi-sadetakki-lapset","status":"publish","type":"product","link":"https:\/\/beredd.com\/fi\/kauppa\/vaatteet\/lasten-vaatteet\/takit-lapset\/sadetakit-lapset\/reima-vesi-sadetakki-lapset\/","title":{"rendered":"Reima Vesi -sadetakki (lapset)"},"content":{"rendered":"<ul>\n<li>\n<p style=\"text-align: start\"><strong>Mukava ja joustava materiaali:<\/strong> Takki on valmistettu pehme\u00e4st\u00e4 ja joustavasta PVC-vapaasta materiaalista, joka sis\u00e4lt\u00e4\u00e4 kierr\u00e4tettyj\u00e4 kuituja. Sopii t\u00e4ydellisesti lasten aktiivisiin ulkoleikkeihin.<\/p>\n<\/li>\n<li>\n<p style=\"text-align: start\"><strong>Ymp\u00e4rivuotiseen k\u00e4ytt\u00f6\u00f6n:<\/strong> Takki sopii erinomaisesti ymp\u00e4rivuotiseen k\u00e4ytt\u00f6\u00f6n, sill\u00e4 siin\u00e4 on hitsatut saumat ja vedenpit\u00e4v\u00e4 materiaali pysyy joustavana my\u00f6s pakkasessa. Lis\u00e4\u00e4 vain ylim\u00e4\u00e4r\u00e4isi\u00e4 vaatekerroksia alle talvella, jotta lapsi pysyy l\u00e4mpim\u00e4n\u00e4.<\/p>\n<\/li>\n<li>\n<p style=\"text-align: start\"><strong>Turvallinen:<\/strong> turvallinen ja irrotettava huppu suojaa sateelta ja voidaan irrottaa leikin ajaksi tapaturmariskin v\u00e4hent\u00e4miseksi.<\/p>\n<\/li>\n<li>\n<p style=\"text-align: start\"><strong>Heijastavat yksityiskohdat:<\/strong> t\u00e4yspitk\u00e4 vetoketju ja useat heijastavat yksityiskohdat lis\u00e4\u00e4v\u00e4t lapsen n\u00e4kyvyytt\u00e4 ja turvallisuutta h\u00e4m\u00e4r\u00e4ss\u00e4.<\/p>\n<\/li>\n<li>\n<p style=\"text-align: start\"><strong>Yhteensopivat vaatteet:<\/strong> yhdist\u00e4 sadetakki Reiman vedenpit\u00e4viin housuihin, jotta lapsesi pysyy kuivana ja h\u00e4nen olonsa mukavana s\u00e4\u00e4ss\u00e4 kuin s\u00e4\u00e4ss\u00e4.<\/p>\n<\/li>\n<\/ul>\n","protected":false},"excerpt":{"rendered":"<p style=\"text-align: start\">Pid\u00e4 lapsi kuivina ja h\u00e4nen olonsa mukavana t\u00e4ss\u00e4 Reiman sadetakissa, joka on valmistettu PVC-vapaasta ja kierr\u00e4tetyst\u00e4 materiaalista. Vedenpit\u00e4v\u00e4t, hitsatut saumat ja turvallinen, irrotettava huppu tekev\u00e4t takista ihanteellisen sateessa ja m\u00e4r\u00e4ss\u00e4 lumessa leikkimiseen. Heijastavat yksityiskohdat ja joustavat hihansuut lis\u00e4\u00e4v\u00e4t turvallisuutta ja mukavuutta ulkona kaikissa s\u00e4\u00e4olosuhteissa.<\/p>\n","protected":false},"featured_media":6107,"template":"","meta":[],"product_brand":[668],"product_cat":[723,721,752,720,718,544],"product_tag":[],"class_list":["post-6119","product","type-product","status-publish","has-post-thumbnail","product_brand-reima","product_cat-kevattakit-lapset","product_cat-kuoritakit-lapset","product_cat-sadetakit-lapset","product_cat-syystakkit-lapset","product_cat-takit-lapset","product_cat-vaatteet","first","instock","taxable","shipping-taxable","purchasable","product-type-variable"],"yoast_head":"<!-- This site is optimized with the Yoast SEO Premium plugin v28.1 (Yoast SEO v28.1) - https:\/\/yoast.com\/product\/yoast-seo-premium-wordpress\/ -->\n<title>Reima Vesi -sadetakki (lapset) | beredd.com\/fi<\/title>\n<meta name=\"description\" content=\"Reima Vesi -sadetakki (lapset) \u2713 Tuntuu mukavalta pehme\u00e4n vuorin ansiosta \u2713 Toimii ymp\u00e4ri vuoden \u2713 Osta nyt!\" \/>\n<meta name=\"robots\" content=\"index, follow, max-snippet:-1, max-image-preview:large, max-video-preview:-1\" \/>\n<link rel=\"canonical\" href=\"https:\/\/beredd.com\/fi\/kauppa\/vaatteet\/lasten-vaatteet\/takit-lapset\/sadetakit-lapset\/reima-vesi-sadetakki-lapset\/\" \/>\n<meta property=\"og:locale\" content=\"fi_FI\" \/>\n<meta property=\"og:type\" content=\"article\" \/>\n<meta property=\"og:title\" content=\"Reima Vesi -sadetakki (lapset)\" \/>\n<meta property=\"og:description\" content=\"Reima Vesi -sadetakki (lapset) \u2713 Tuntuu mukavalta pehme\u00e4n vuorin ansiosta \u2713 Toimii ymp\u00e4ri vuoden \u2713 Osta nyt!\" \/>\n<meta property=\"og:url\" content=\"https:\/\/beredd.com\/fi\/kauppa\/vaatteet\/lasten-vaatteet\/takit-lapset\/sadetakit-lapset\/reima-vesi-sadetakki-lapset\/\" \/>\n<meta property=\"og:site_name\" content=\"Beredd Suomi\" \/>\n<meta property=\"article:modified_time\" content=\"2026-08-18T08:48:49+00:00\" \/>\n<meta property=\"og:image\" content=\"https:\/\/beredd.com\/fi\/app\/uploads\/fi\/2026\/05\/2-13.jpg\" \/>\n\t<meta property=\"og:image:width\" content=\"1000\" \/>\n\t<meta property=\"og:image:height\" content=\"1000\" \/>\n\t<meta property=\"og:image:type\" content=\"image\/jpeg\" \/>\n<meta name=\"twitter:card\" content=\"summary_large_image\" \/>\n<meta name=\"twitter:label1\" content=\"Saatavuus\" \/>\n\t<meta name=\"twitter:data1\" content=\"Varastossa\" \/>\n<script type=\"application\/ld+json\" class=\"yoast-schema-graph\">{\"@context\":\"https:\\\/\\\/schema.org\",\"@graph\":[{\"@type\":\"WebPage\",\"@id\":\"https:\\\/\\\/beredd.com\\\/fi\\\/kauppa\\\/vaatteet\\\/lasten-vaatteet\\\/takit-lapset\\\/sadetakit-lapset\\\/reima-vesi-sadetakki-lapset\\\/\",\"url\":\"https:\\\/\\\/beredd.com\\\/fi\\\/kauppa\\\/vaatteet\\\/lasten-vaatteet\\\/takit-lapset\\\/sadetakit-lapset\\\/reima-vesi-sadetakki-lapset\\\/\",\"name\":\"Reima Vesi -sadetakki (lapset) | beredd.com\\\/fi\",\"isPartOf\":{\"@id\":\"https:\\\/\\\/beredd.com\\\/fi\\\/#website\"},\"primaryImageOfPage\":{\"@id\":\"https:\\\/\\\/beredd.com\\\/fi\\\/kauppa\\\/vaatteet\\\/lasten-vaatteet\\\/takit-lapset\\\/sadetakit-lapset\\\/reima-vesi-sadetakki-lapset\\\/#primaryimage\"},\"image\":{\"@id\":\"https:\\\/\\\/beredd.com\\\/fi\\\/kauppa\\\/vaatteet\\\/lasten-vaatteet\\\/takit-lapset\\\/sadetakit-lapset\\\/reima-vesi-sadetakki-lapset\\\/#primaryimage\"},\"thumbnailUrl\":\"https:\\\/\\\/beredd.com\\\/fi\\\/app\\\/uploads\\\/fi\\\/2026\\\/05\\\/2-13.jpg\",\"datePublished\":\"2026-05-27T12:02:36+00:00\",\"dateModified\":\"2026-08-18T08:48:49+00:00\",\"description\":\"Reima Vesi -sadetakki (lapset) \u2713 Tuntuu mukavalta pehme\u00e4n vuorin ansiosta \u2713 Toimii ymp\u00e4ri vuoden \u2713 Osta nyt!\",\"breadcrumb\":{\"@id\":\"https:\\\/\\\/beredd.com\\\/fi\\\/kauppa\\\/vaatteet\\\/lasten-vaatteet\\\/takit-lapset\\\/sadetakit-lapset\\\/reima-vesi-sadetakki-lapset\\\/#breadcrumb\"},\"inLanguage\":\"fi\",\"potentialAction\":[{\"@type\":\"ReadAction\",\"target\":[\"https:\\\/\\\/beredd.com\\\/fi\\\/kauppa\\\/vaatteet\\\/lasten-vaatteet\\\/takit-lapset\\\/sadetakit-lapset\\\/reima-vesi-sadetakki-lapset\\\/\"]}]},{\"@type\":\"ImageObject\",\"inLanguage\":\"fi\",\"@id\":\"https:\\\/\\\/beredd.com\\\/fi\\\/kauppa\\\/vaatteet\\\/lasten-vaatteet\\\/takit-lapset\\\/sadetakit-lapset\\\/reima-vesi-sadetakki-lapset\\\/#primaryimage\",\"url\":\"https:\\\/\\\/beredd.com\\\/fi\\\/app\\\/uploads\\\/fi\\\/2026\\\/05\\\/2-13.jpg\",\"contentUrl\":\"https:\\\/\\\/beredd.com\\\/fi\\\/app\\\/uploads\\\/fi\\\/2026\\\/05\\\/2-13.jpg\",\"width\":1000,\"height\":1000,\"caption\":\"Reima Vesi lasten sadetakki v\u00e4riss\u00e4 Rosa Blush (vaaleanpunainen, kuviollinen)\"},{\"@type\":\"BreadcrumbList\",\"@id\":\"https:\\\/\\\/beredd.com\\\/fi\\\/kauppa\\\/vaatteet\\\/lasten-vaatteet\\\/takit-lapset\\\/sadetakit-lapset\\\/reima-vesi-sadetakki-lapset\\\/#breadcrumb\",\"itemListElement\":[{\"@type\":\"ListItem\",\"position\":1,\"name\":\"Home\",\"item\":\"https:\\\/\\\/beredd.com\\\/fi\\\/\"},{\"@type\":\"ListItem\",\"position\":2,\"name\":\"Kauppa\",\"item\":\"https:\\\/\\\/beredd.com\\\/fi\\\/kauppa\\\/\"},{\"@type\":\"ListItem\",\"position\":3,\"name\":\"Reima Vesi -sadetakki (lapset)\"}]},{\"@type\":\"WebSite\",\"@id\":\"https:\\\/\\\/beredd.com\\\/fi\\\/#website\",\"url\":\"https:\\\/\\\/beredd.com\\\/fi\\\/\",\"name\":\"Beredd Suomi\",\"description\":\"\",\"potentialAction\":[{\"@type\":\"SearchAction\",\"target\":{\"@type\":\"EntryPoint\",\"urlTemplate\":\"https:\\\/\\\/beredd.com\\\/fi\\\/?s={search_term_string}\"},\"query-input\":{\"@type\":\"PropertyValueSpecification\",\"valueRequired\":true,\"valueName\":\"search_term_string\"}}],\"inLanguage\":\"fi\"}]}<\/script>\n<meta property=\"og:availability\" content=\"instock\" \/>\n<meta property=\"product:availability\" content=\"instock\" \/>\n<meta property=\"product:condition\" content=\"new\" \/>\n<!-- \/ Yoast SEO Premium plugin. -->","yoast_head_json":{"title":"Reima Vesi -sadetakki (lapset) | beredd.com\/fi","description":"Reima Vesi -sadetakki (lapset) \u2713 Tuntuu mukavalta pehme\u00e4n vuorin ansiosta \u2713 Toimii ymp\u00e4ri vuoden \u2713 Osta nyt!","robots":{"index":"index","follow":"follow","max-snippet":"max-snippet:-1","max-image-preview":"max-image-preview:large","max-video-preview":"max-video-preview:-1"},"canonical":"https:\/\/beredd.com\/fi\/kauppa\/vaatteet\/lasten-vaatteet\/takit-lapset\/sadetakit-lapset\/reima-vesi-sadetakki-lapset\/","og_locale":"fi_FI","og_type":"article","og_title":"Reima Vesi -sadetakki (lapset)","og_description":"Reima Vesi -sadetakki (lapset) \u2713 Tuntuu mukavalta pehme\u00e4n vuorin ansiosta \u2713 Toimii ymp\u00e4ri vuoden \u2713 Osta nyt!","og_url":"https:\/\/beredd.com\/fi\/kauppa\/vaatteet\/lasten-vaatteet\/takit-lapset\/sadetakit-lapset\/reima-vesi-sadetakki-lapset\/","og_site_name":"Beredd Suomi","article_modified_time":"2026-08-18T08:48:49+00:00","og_image":[{"width":1000,"height":1000,"url":"https:\/\/beredd.com\/fi\/app\/uploads\/fi\/2026\/05\/2-13.jpg","type":"image\/jpeg"}],"twitter_card":"summary_large_image","twitter_misc":{"Saatavuus":"Varastossa"},"schema":{"@context":"https:\/\/schema.org","@graph":[{"@type":"WebPage","@id":"https:\/\/beredd.com\/fi\/kauppa\/vaatteet\/lasten-vaatteet\/takit-lapset\/sadetakit-lapset\/reima-vesi-sadetakki-lapset\/","url":"https:\/\/beredd.com\/fi\/kauppa\/vaatteet\/lasten-vaatteet\/takit-lapset\/sadetakit-lapset\/reima-vesi-sadetakki-lapset\/","name":"Reima Vesi -sadetakki (lapset) | beredd.com\/fi","isPartOf":{"@id":"https:\/\/beredd.com\/fi\/#website"},"primaryImageOfPage":{"@id":"https:\/\/beredd.com\/fi\/kauppa\/vaatteet\/lasten-vaatteet\/takit-lapset\/sadetakit-lapset\/reima-vesi-sadetakki-lapset\/#primaryimage"},"image":{"@id":"https:\/\/beredd.com\/fi\/kauppa\/vaatteet\/lasten-vaatteet\/takit-lapset\/sadetakit-lapset\/reima-vesi-sadetakki-lapset\/#primaryimage"},"thumbnailUrl":"https:\/\/beredd.com\/fi\/app\/uploads\/fi\/2026\/05\/2-13.jpg","datePublished":"2026-05-27T12:02:36+00:00","dateModified":"2026-08-18T08:48:49+00:00","description":"Reima Vesi -sadetakki (lapset) \u2713 Tuntuu mukavalta pehme\u00e4n vuorin ansiosta \u2713 Toimii ymp\u00e4ri vuoden \u2713 Osta nyt!","breadcrumb":{"@id":"https:\/\/beredd.com\/fi\/kauppa\/vaatteet\/lasten-vaatteet\/takit-lapset\/sadetakit-lapset\/reima-vesi-sadetakki-lapset\/#breadcrumb"},"inLanguage":"fi","potentialAction":[{"@type":"ReadAction","target":["https:\/\/beredd.com\/fi\/kauppa\/vaatteet\/lasten-vaatteet\/takit-lapset\/sadetakit-lapset\/reima-vesi-sadetakki-lapset\/"]}]},{"@type":"ImageObject","inLanguage":"fi","@id":"https:\/\/beredd.com\/fi\/kauppa\/vaatteet\/lasten-vaatteet\/takit-lapset\/sadetakit-lapset\/reima-vesi-sadetakki-lapset\/#primaryimage","url":"https:\/\/beredd.com\/fi\/app\/uploads\/fi\/2026\/05\/2-13.jpg","contentUrl":"https:\/\/beredd.com\/fi\/app\/uploads\/fi\/2026\/05\/2-13.jpg","width":1000,"height":1000,"caption":"Reima Vesi lasten sadetakki v\u00e4riss\u00e4 Rosa Blush (vaaleanpunainen, kuviollinen)"},{"@type":"BreadcrumbList","@id":"https:\/\/beredd.com\/fi\/kauppa\/vaatteet\/lasten-vaatteet\/takit-lapset\/sadetakit-lapset\/reima-vesi-sadetakki-lapset\/#breadcrumb","itemListElement":[{"@type":"ListItem","position":1,"name":"Home","item":"https:\/\/beredd.com\/fi\/"},{"@type":"ListItem","position":2,"name":"Kauppa","item":"https:\/\/beredd.com\/fi\/kauppa\/"},{"@type":"ListItem","position":3,"name":"Reima Vesi -sadetakki (lapset)"}]},{"@type":"WebSite","@id":"https:\/\/beredd.com\/fi\/#website","url":"https:\/\/beredd.com\/fi\/","name":"Beredd Suomi","description":"","potentialAction":[{"@type":"SearchAction","target":{"@type":"EntryPoint","urlTemplate":"https:\/\/beredd.com\/fi\/?s={search_term_string}"},"query-input":{"@type":"PropertyValueSpecification","valueRequired":true,"valueName":"search_term_string"}}],"inLanguage":"fi"}]},"og_availability":"instock","product_availability":"instock","product_condition":"new"},"_links":{"self":[{"href":"https:\/\/beredd.com\/fi\/wp-json\/wp\/v2\/product\/6119","targetHints":{"allow":["GET"]}}],"collection":[{"href":"https:\/\/beredd.com\/fi\/wp-json\/wp\/v2\/product"}],"about":[{"href":"https:\/\/beredd.com\/fi\/wp-json\/wp\/v2\/types\/product"}],"wp:featuredmedia":[{"embeddable":true,"href":"https:\/\/beredd.com\/fi\/wp-json\/wp\/v2\/media\/6107"}],"wp:attachment":[{"href":"https:\/\/beredd.com\/fi\/wp-json\/wp\/v2\/media?parent=6119"}],"wp:term":[{"taxonomy":"product_brand","embeddable":true,"href":"https:\/\/beredd.com\/fi\/wp-json\/wp\/v2\/product_brand?post=6119"},{"taxonomy":"product_cat","embeddable":true,"href":"https:\/\/beredd.com\/fi\/wp-json\/wp\/v2\/product_cat?post=6119"},{"taxonomy":"product_tag","embeddable":true,"href":"https:\/\/beredd.com\/fi\/wp-json\/wp\/v2\/product_tag?post=6119"}],"curies":[{"name":"wp","href":"https:\/\/api.w.org\/{rel}","templated":true}]}}