{"id":197,"date":"2026-05-27T11:49:17","date_gmt":"2026-05-27T08:49:17","guid":{"rendered":"https:\/\/beredd.com\/fi\/product\/osprey-stratos-36-tuulettuva-reppu-miehet\/"},"modified":"2026-08-19T04:21:12","modified_gmt":"2026-08-19T01:21:12","slug":"osprey-stratos-36-tuulettuva-reppu-miehet","status":"publish","type":"product","link":"https:\/\/beredd.com\/fi\/kauppa\/reput-pakkaus\/reput\/osprey-stratos-36-tuulettuva-reppu-miehet\/","title":{"rendered":"Osprey Stratos 36 tuulettuva reppu (miehet)"},"content":{"rendered":"<ul>\n<li>\n<p style=\"text-align: start\">Miesten reppu lyhyille retkille<\/p>\n<\/li>\n<li>\n<p style=\"text-align: start\">Tuulettuva selk\u00e4paneeli<\/p>\n<\/li>\n<li>\n<p style=\"text-align: start\">Irrotettava sadesuoja<\/p>\n<\/li>\n<li>\n<p style=\"text-align: start\">Hyv\u00e4 kulutuskest\u00e4vyys nailonin ansiosta<\/p>\n<\/li>\n<\/ul>\n<h2 style=\"text-align: start\">Mukava ja luotettava miesten reppu<\/h2>\n<p style=\"text-align: start\">Stratos 36 -reppu sopii p\u00e4iv\u00e4retkille ja y\u00f6pymiseen l\u00e4mpim\u00e4ll\u00e4 ilmalla. 36-litraiseen reppuun saa mahtumaan kaiken tarvittavan, mukaan lukien kevyen y\u00f6pymisvarustuksen ja vaihtovaatteet. Koska kyseess\u00e4 on miesten reppu, se on suunniteltu miesten vartalolle parhaan mahdollisen mukavuuden takaamiseksi. Kun t\u00e4h\u00e4n yhdistet\u00e4\u00e4n huolella suunniteltu kantoj\u00e4rjestelm\u00e4, syntyy reppu, jota on miellytt\u00e4v\u00e4 kantaa, vaikka se olisi raskas.<\/p>\n<h2 style=\"text-align: start\">Vakaa ja s\u00e4\u00e4dett\u00e4v\u00e4 kantoj\u00e4rjestelm\u00e4<\/h2>\n<p style=\"text-align: start\">Tuulettuva AirSpeed\u2122-selk\u00e4paneeli verkkomateriaalista on mukavan ilmava l\u00e4mpimin\u00e4 p\u00e4ivin\u00e4 ja tukee samalla hyvin selk\u00e4\u00e4. Lantiovy\u00f6 ja selk\u00e4paneeli on lis\u00e4ksi valmistettu yhdest\u00e4 kappaleesta, mik\u00e4 mahdollistaa tiiviimm\u00e4n istuvuuden ja paremman painon jakautumisen.<\/p>\n<p style=\"text-align: start\">Repussa on my\u00f6s pehmustetut olkahihnat ja rintahihna vakauden ja mukavuuden varmistamiseksi pidemmill\u00e4 retkill\u00e4. Kaikki hihnat ovat tietenkin s\u00e4\u00e4dett\u00e4vi\u00e4, jotta Stratos 36 sopii kunkin k\u00e4ytt\u00e4j\u00e4n vartalotyypille.<\/p>\n<h2 style=\"text-align: start\">Sadesuoja ja muut ominaisuudet<\/h2>\n<p style=\"text-align: start\">Stratos 36 on varustettu useilla vaeltamista helpottavilla ominaisuuksilla. Alalokerossa on esimerkiksi irrotettava sadesuoja, jonka ansiosta vaellusta voi jatkaa, vaikka alkaisi sataa.<\/p>\n<p style=\"text-align: start\">L\u00e4p\u00e4ss\u00e4 on kaksi pikasolkea ja iso tasku, johon voi laittaa t\u00e4rkeit\u00e4 tavaroita. Repun etupuolella on joustava tasku, johon voi laittaa esimerkiksi vaihtovaatteet helposti saataville.<\/p>\n<p style=\"text-align: start\">Lis\u00e4ksi Stratos 36 -repussa on erillinen lokero makuupussille sis\u00e4isell\u00e4 v\u00e4lisein\u00e4ll\u00e4 sek\u00e4 kiinnikkeet vaellussauvoille. P\u00e4\u00e4lokeroon p\u00e4\u00e4see helposti yl\u00e4l\u00e4p\u00e4n tai repun toisella sivulla olevan pystysuoran vetoketjun kautta.<\/p>\n<h2 style=\"text-align: start\">Mik\u00e4 on Osprey?<\/h2>\n<p style=\"text-align: start\">Osprey on vuodesta 1974 l\u00e4htien ollut itsest\u00e4\u00e4n selv\u00e4 valinta monille retkeilyharrastajille ymp\u00e4ri maailman. Yritys valmistaa korkealaatuisia reppuja ja rinkkoja aina vaelluksesta ja retkeilyst\u00e4 py\u00f6r\u00e4ilyyn, ty\u00f6matkoihin ja matkustamiseen.<\/p>\n<p style=\"text-align: start\">Ospreyn repuille ja rinkoille on tyypillist\u00e4 ennen kaikkea harkittu rakenne, hyv\u00e4 s\u00e4\u00e4dett\u00e4vyys ja toiminnallisuus. Malleja on saatavilla eri kokoisina ja erilaisilla ominaisuuksilla varustettuina erilaisten tarpeiden t\u00e4ytt\u00e4miseksi, ja niiden valmistuksessa k\u00e4ytet\u00e4\u00e4n kierr\u00e4tettyj\u00e4 materiaaleja.<\/p>\n<p style=\"text-align: start\">Olitpa sitten l\u00e4hd\u00f6ss\u00e4 retkelle tai matkalle tai haluat vain mukavan repun arkik\u00e4ytt\u00f6\u00f6n, Osprey voi olla hyv\u00e4 valinta.<\/p>\n<h2 style=\"text-align: start\">Tekniset tiedot \u2013 Osprey Stratos 36<\/h2>\n<table>\n<tbody>\n<tr>\n<td rowspan=\"1\" colspan=\"1\">\n<p style=\"text-align: start\">Tilavuus:<\/p>\n<\/td>\n<td rowspan=\"1\" colspan=\"1\">36 l<\/td>\n<\/tr>\n<tr>\n<td rowspan=\"1\" colspan=\"1\">Paino:<\/td>\n<td rowspan=\"1\" colspan=\"1\">1,49 kg<\/td>\n<\/tr>\n<tr>\n<td rowspan=\"1\" colspan=\"1\">Koko:<\/td>\n<td rowspan=\"1\" colspan=\"1\">33 x 69 x 32 cm<\/td>\n<\/tr>\n<tr>\n<td rowspan=\"1\" colspan=\"1\">Materiaali:<\/td>\n<td rowspan=\"1\" colspan=\"1\">210D Nylon Crosshatch<\/td>\n<\/tr>\n<tr>\n<td rowspan=\"1\" colspan=\"1\">V\u00e4rit:<\/td>\n<td rowspan=\"1\" colspan=\"1\">Harmaa, sininen, punainen<\/td>\n<\/tr>\n<\/tbody>\n<\/table>\n","protected":false},"excerpt":{"rendered":"<p>Tuulettuva miesten reppu vakaalla kantoj\u00e4rjestelm\u00e4ll\u00e4 ja hyv\u00e4ll\u00e4 toiminnallisuudella. Suunniteltu miehen vartalolle optimaalisen istuvuuden takaamiseksi. T\u00e4ydellinen p\u00e4iv\u00e4retkille tai y\u00f6pymisiin, jotka vaativat v\u00e4hemm\u00e4n varustusta.<\/p>\n","protected":false},"featured_media":191,"template":"","meta":[],"product_brand":[160],"product_cat":[39,40,37,38,36,42,73],"product_tag":[],"class_list":["post-197","product","type-product","status-publish","has-post-thumbnail","product_brand-osprey","product_cat-matkareput","product_cat-paivareput-naisille-ja-miehille","product_cat-reput","product_cat-reput-miehet","product_cat-reput-pakkaus","product_cat-reput-tyomatkapyorailyyn","product_cat-vedenpitavat-reput","first","instock","taxable","shipping-taxable","purchasable","product-type-variable"],"yoast_head":"<!-- This site is optimized with the Yoast SEO Premium plugin v28.1 (Yoast SEO v28.1) - https:\/\/yoast.com\/product\/yoast-seo-premium-wordpress\/ -->\n<title>Osprey Stratos 36 (miehet) \u2013 Tuulettuva reppu | beredd.com\/fi<\/title>\n<meta name=\"description\" content=\"Osprey Stratos 36 \u2713 Miesten reppu hyv\u00e4ll\u00e4 mukavuudella ja toiminnallisuudella \u2713 Valmistettu kest\u00e4v\u00e4st\u00e4 nailonista \u2713 Mukana irrotettava sadesuoja\" \/>\n<meta name=\"robots\" content=\"index, follow, max-snippet:-1, max-image-preview:large, max-video-preview:-1\" \/>\n<link rel=\"canonical\" href=\"https:\/\/beredd.com\/fi\/kauppa\/reput-pakkaus\/reput\/osprey-stratos-36-tuulettuva-reppu-miehet\/\" \/>\n<meta property=\"og:locale\" content=\"fi_FI\" \/>\n<meta property=\"og:type\" content=\"article\" \/>\n<meta property=\"og:title\" content=\"Osprey Stratos 36 tuulettuva reppu (miehet)\" \/>\n<meta property=\"og:description\" content=\"Osprey Stratos 36 \u2713 Miesten reppu hyv\u00e4ll\u00e4 mukavuudella ja toiminnallisuudella \u2713 Valmistettu kest\u00e4v\u00e4st\u00e4 nailonista \u2713 Mukana irrotettava sadesuoja\" \/>\n<meta property=\"og:url\" content=\"https:\/\/beredd.com\/fi\/kauppa\/reput-pakkaus\/reput\/osprey-stratos-36-tuulettuva-reppu-miehet\/\" \/>\n<meta property=\"og:site_name\" content=\"Beredd Suomi\" \/>\n<meta property=\"article:modified_time\" content=\"2026-08-19T01:21:12+00:00\" \/>\n<meta property=\"og:image\" content=\"https:\/\/beredd.com\/fi\/app\/uploads\/fi\/2026\/05\/Osprey-Stratos-36-gra.jpg\" \/>\n\t<meta property=\"og:image:width\" content=\"1000\" \/>\n\t<meta property=\"og:image:height\" content=\"1000\" \/>\n\t<meta property=\"og:image:type\" content=\"image\/jpeg\" \/>\n<meta name=\"twitter:card\" content=\"summary_large_image\" \/>\n<meta name=\"twitter:label1\" content=\"Saatavuus\" \/>\n\t<meta name=\"twitter:data1\" content=\"Varastossa\" \/>\n<script type=\"application\/ld+json\" class=\"yoast-schema-graph\">{\"@context\":\"https:\\\/\\\/schema.org\",\"@graph\":[{\"@type\":\"WebPage\",\"@id\":\"https:\\\/\\\/beredd.com\\\/fi\\\/kauppa\\\/reput-pakkaus\\\/reput\\\/osprey-stratos-36-tuulettuva-reppu-miehet\\\/\",\"url\":\"https:\\\/\\\/beredd.com\\\/fi\\\/kauppa\\\/reput-pakkaus\\\/reput\\\/osprey-stratos-36-tuulettuva-reppu-miehet\\\/\",\"name\":\"Osprey Stratos 36 (miehet) \u2013 Tuulettuva reppu | beredd.com\\\/fi\",\"isPartOf\":{\"@id\":\"https:\\\/\\\/beredd.com\\\/fi\\\/#website\"},\"primaryImageOfPage\":{\"@id\":\"https:\\\/\\\/beredd.com\\\/fi\\\/kauppa\\\/reput-pakkaus\\\/reput\\\/osprey-stratos-36-tuulettuva-reppu-miehet\\\/#primaryimage\"},\"image\":{\"@id\":\"https:\\\/\\\/beredd.com\\\/fi\\\/kauppa\\\/reput-pakkaus\\\/reput\\\/osprey-stratos-36-tuulettuva-reppu-miehet\\\/#primaryimage\"},\"thumbnailUrl\":\"https:\\\/\\\/beredd.com\\\/fi\\\/app\\\/uploads\\\/fi\\\/2026\\\/05\\\/Osprey-Stratos-36-gra.jpg\",\"datePublished\":\"2026-05-27T08:49:17+00:00\",\"dateModified\":\"2026-08-19T01:21:12+00:00\",\"description\":\"Osprey Stratos 36 \u2713 Miesten reppu hyv\u00e4ll\u00e4 mukavuudella ja toiminnallisuudella \u2713 Valmistettu kest\u00e4v\u00e4st\u00e4 nailonista \u2713 Mukana irrotettava sadesuoja\",\"breadcrumb\":{\"@id\":\"https:\\\/\\\/beredd.com\\\/fi\\\/kauppa\\\/reput-pakkaus\\\/reput\\\/osprey-stratos-36-tuulettuva-reppu-miehet\\\/#breadcrumb\"},\"inLanguage\":\"fi\",\"potentialAction\":[{\"@type\":\"ReadAction\",\"target\":[\"https:\\\/\\\/beredd.com\\\/fi\\\/kauppa\\\/reput-pakkaus\\\/reput\\\/osprey-stratos-36-tuulettuva-reppu-miehet\\\/\"]}]},{\"@type\":\"ImageObject\",\"inLanguage\":\"fi\",\"@id\":\"https:\\\/\\\/beredd.com\\\/fi\\\/kauppa\\\/reput-pakkaus\\\/reput\\\/osprey-stratos-36-tuulettuva-reppu-miehet\\\/#primaryimage\",\"url\":\"https:\\\/\\\/beredd.com\\\/fi\\\/app\\\/uploads\\\/fi\\\/2026\\\/05\\\/Osprey-Stratos-36-gra.jpg\",\"contentUrl\":\"https:\\\/\\\/beredd.com\\\/fi\\\/app\\\/uploads\\\/fi\\\/2026\\\/05\\\/Osprey-Stratos-36-gra.jpg\",\"width\":1000,\"height\":1000,\"caption\":\"Osprey reppu mallissa Stratos 36 vaaleanharmaana ja mustana.\"},{\"@type\":\"BreadcrumbList\",\"@id\":\"https:\\\/\\\/beredd.com\\\/fi\\\/kauppa\\\/reput-pakkaus\\\/reput\\\/osprey-stratos-36-tuulettuva-reppu-miehet\\\/#breadcrumb\",\"itemListElement\":[{\"@type\":\"ListItem\",\"position\":1,\"name\":\"Home\",\"item\":\"https:\\\/\\\/beredd.com\\\/fi\\\/\"},{\"@type\":\"ListItem\",\"position\":2,\"name\":\"Kauppa\",\"item\":\"https:\\\/\\\/beredd.com\\\/fi\\\/kauppa\\\/\"},{\"@type\":\"ListItem\",\"position\":3,\"name\":\"Osprey Stratos 36 tuulettuva reppu (miehet)\"}]},{\"@type\":\"WebSite\",\"@id\":\"https:\\\/\\\/beredd.com\\\/fi\\\/#website\",\"url\":\"https:\\\/\\\/beredd.com\\\/fi\\\/\",\"name\":\"Beredd Suomi\",\"description\":\"\",\"potentialAction\":[{\"@type\":\"SearchAction\",\"target\":{\"@type\":\"EntryPoint\",\"urlTemplate\":\"https:\\\/\\\/beredd.com\\\/fi\\\/?s={search_term_string}\"},\"query-input\":{\"@type\":\"PropertyValueSpecification\",\"valueRequired\":true,\"valueName\":\"search_term_string\"}}],\"inLanguage\":\"fi\"}]}<\/script>\n<meta property=\"og:availability\" content=\"instock\" \/>\n<meta property=\"product:availability\" content=\"instock\" \/>\n<meta property=\"product:condition\" content=\"new\" \/>\n<!-- \/ Yoast SEO Premium plugin. -->","yoast_head_json":{"title":"Osprey Stratos 36 (miehet) \u2013 Tuulettuva reppu | beredd.com\/fi","description":"Osprey Stratos 36 \u2713 Miesten reppu hyv\u00e4ll\u00e4 mukavuudella ja toiminnallisuudella \u2713 Valmistettu kest\u00e4v\u00e4st\u00e4 nailonista \u2713 Mukana irrotettava sadesuoja","robots":{"index":"index","follow":"follow","max-snippet":"max-snippet:-1","max-image-preview":"max-image-preview:large","max-video-preview":"max-video-preview:-1"},"canonical":"https:\/\/beredd.com\/fi\/kauppa\/reput-pakkaus\/reput\/osprey-stratos-36-tuulettuva-reppu-miehet\/","og_locale":"fi_FI","og_type":"article","og_title":"Osprey Stratos 36 tuulettuva reppu (miehet)","og_description":"Osprey Stratos 36 \u2713 Miesten reppu hyv\u00e4ll\u00e4 mukavuudella ja toiminnallisuudella \u2713 Valmistettu kest\u00e4v\u00e4st\u00e4 nailonista \u2713 Mukana irrotettava sadesuoja","og_url":"https:\/\/beredd.com\/fi\/kauppa\/reput-pakkaus\/reput\/osprey-stratos-36-tuulettuva-reppu-miehet\/","og_site_name":"Beredd Suomi","article_modified_time":"2026-08-19T01:21:12+00:00","og_image":[{"width":1000,"height":1000,"url":"https:\/\/beredd.com\/fi\/app\/uploads\/fi\/2026\/05\/Osprey-Stratos-36-gra.jpg","type":"image\/jpeg"}],"twitter_card":"summary_large_image","twitter_misc":{"Saatavuus":"Varastossa"},"schema":{"@context":"https:\/\/schema.org","@graph":[{"@type":"WebPage","@id":"https:\/\/beredd.com\/fi\/kauppa\/reput-pakkaus\/reput\/osprey-stratos-36-tuulettuva-reppu-miehet\/","url":"https:\/\/beredd.com\/fi\/kauppa\/reput-pakkaus\/reput\/osprey-stratos-36-tuulettuva-reppu-miehet\/","name":"Osprey Stratos 36 (miehet) \u2013 Tuulettuva reppu | beredd.com\/fi","isPartOf":{"@id":"https:\/\/beredd.com\/fi\/#website"},"primaryImageOfPage":{"@id":"https:\/\/beredd.com\/fi\/kauppa\/reput-pakkaus\/reput\/osprey-stratos-36-tuulettuva-reppu-miehet\/#primaryimage"},"image":{"@id":"https:\/\/beredd.com\/fi\/kauppa\/reput-pakkaus\/reput\/osprey-stratos-36-tuulettuva-reppu-miehet\/#primaryimage"},"thumbnailUrl":"https:\/\/beredd.com\/fi\/app\/uploads\/fi\/2026\/05\/Osprey-Stratos-36-gra.jpg","datePublished":"2026-05-27T08:49:17+00:00","dateModified":"2026-08-19T01:21:12+00:00","description":"Osprey Stratos 36 \u2713 Miesten reppu hyv\u00e4ll\u00e4 mukavuudella ja toiminnallisuudella \u2713 Valmistettu kest\u00e4v\u00e4st\u00e4 nailonista \u2713 Mukana irrotettava sadesuoja","breadcrumb":{"@id":"https:\/\/beredd.com\/fi\/kauppa\/reput-pakkaus\/reput\/osprey-stratos-36-tuulettuva-reppu-miehet\/#breadcrumb"},"inLanguage":"fi","potentialAction":[{"@type":"ReadAction","target":["https:\/\/beredd.com\/fi\/kauppa\/reput-pakkaus\/reput\/osprey-stratos-36-tuulettuva-reppu-miehet\/"]}]},{"@type":"ImageObject","inLanguage":"fi","@id":"https:\/\/beredd.com\/fi\/kauppa\/reput-pakkaus\/reput\/osprey-stratos-36-tuulettuva-reppu-miehet\/#primaryimage","url":"https:\/\/beredd.com\/fi\/app\/uploads\/fi\/2026\/05\/Osprey-Stratos-36-gra.jpg","contentUrl":"https:\/\/beredd.com\/fi\/app\/uploads\/fi\/2026\/05\/Osprey-Stratos-36-gra.jpg","width":1000,"height":1000,"caption":"Osprey reppu mallissa Stratos 36 vaaleanharmaana ja mustana."},{"@type":"BreadcrumbList","@id":"https:\/\/beredd.com\/fi\/kauppa\/reput-pakkaus\/reput\/osprey-stratos-36-tuulettuva-reppu-miehet\/#breadcrumb","itemListElement":[{"@type":"ListItem","position":1,"name":"Home","item":"https:\/\/beredd.com\/fi\/"},{"@type":"ListItem","position":2,"name":"Kauppa","item":"https:\/\/beredd.com\/fi\/kauppa\/"},{"@type":"ListItem","position":3,"name":"Osprey Stratos 36 tuulettuva reppu (miehet)"}]},{"@type":"WebSite","@id":"https:\/\/beredd.com\/fi\/#website","url":"https:\/\/beredd.com\/fi\/","name":"Beredd Suomi","description":"","potentialAction":[{"@type":"SearchAction","target":{"@type":"EntryPoint","urlTemplate":"https:\/\/beredd.com\/fi\/?s={search_term_string}"},"query-input":{"@type":"PropertyValueSpecification","valueRequired":true,"valueName":"search_term_string"}}],"inLanguage":"fi"}]},"og_availability":"instock","product_availability":"instock","product_condition":"new"},"_links":{"self":[{"href":"https:\/\/beredd.com\/fi\/wp-json\/wp\/v2\/product\/197","targetHints":{"allow":["GET"]}}],"collection":[{"href":"https:\/\/beredd.com\/fi\/wp-json\/wp\/v2\/product"}],"about":[{"href":"https:\/\/beredd.com\/fi\/wp-json\/wp\/v2\/types\/product"}],"wp:featuredmedia":[{"embeddable":true,"href":"https:\/\/beredd.com\/fi\/wp-json\/wp\/v2\/media\/191"}],"wp:attachment":[{"href":"https:\/\/beredd.com\/fi\/wp-json\/wp\/v2\/media?parent=197"}],"wp:term":[{"taxonomy":"product_brand","embeddable":true,"href":"https:\/\/beredd.com\/fi\/wp-json\/wp\/v2\/product_brand?post=197"},{"taxonomy":"product_cat","embeddable":true,"href":"https:\/\/beredd.com\/fi\/wp-json\/wp\/v2\/product_cat?post=197"},{"taxonomy":"product_tag","embeddable":true,"href":"https:\/\/beredd.com\/fi\/wp-json\/wp\/v2\/product_tag?post=197"}],"curies":[{"name":"wp","href":"https:\/\/api.w.org\/{rel}","templated":true}]}}